{"version":"1.0","provider_name":"Podnik\u00e1m, lietam a relaxujem","provider_url":"https:\/\/www.vrtulniky.sk\/news","author_name":"Bc. Januska","author_url":"https:\/\/www.vrtulniky.sk\/news\/author\/jana6121\/","title":"Vznik a v\u00fdvoj pe\u0148az\u00ed na \u00fazem\u00ed dne\u0161nej Slovenskej republiky","type":"rich","width":600,"height":338,"html":"<blockquote class=\"wp-embedded-content\" data-secret=\"G0qGxApcdc\"><a href=\"https:\/\/www.vrtulniky.sk\/news\/historia-penazi-na-uzemi-dnesnej-slovenskej-republiky\/\">Hist\u00f3ria pe\u0148az\u00ed na \u00fazem\u00ed dne\u0161nej Slovenskej republiky<\/a><\/blockquote><iframe sandbox=\"allow-scripts\" security=\"restricted\" src=\"https:\/\/www.vrtulniky.sk\/news\/historia-penazi-na-uzemi-dnesnej-slovenskej-republiky\/embed\/#?secret=G0qGxApcdc\" width=\"600\" height=\"338\" title=\"&#8220;Hist\u00f3ria pe\u0148az\u00ed na \u00fazem\u00ed dne\u0161nej Slovenskej republiky&#8221; &#8212; Podnik\u00e1m, lietam a relaxujem\" data-secret=\"G0qGxApcdc\" frameborder=\"0\" marginwidth=\"0\" marginheight=\"0\" scrolling=\"no\" class=\"wp-embedded-content\"><\/iframe><script type=\"text\/javascript\">\n\/* <![CDATA[ *\/\n\/*! This file is auto-generated *\/\n!function(d,l){\"use strict\";l.querySelector&&d.addEventListener&&\"undefined\"!=typeof URL&&(d.wp=d.wp||{},d.wp.receiveEmbedMessage||(d.wp.receiveEmbedMessage=function(e){var t=e.data;if((t||t.secret||t.message||t.value)&&!\/[^a-zA-Z0-9]\/.test(t.secret)){for(var s,r,n,a=l.querySelectorAll('iframe[data-secret=\"'+t.secret+'\"]'),o=l.querySelectorAll('blockquote[data-secret=\"'+t.secret+'\"]'),c=new RegExp(\"^https?:$\",\"i\"),i=0;i<o.length;i++)o[i].style.display=\"none\";for(i=0;i<a.length;i++)s=a[i],e.source===s.contentWindow&&(s.removeAttribute(\"style\"),\"height\"===t.message?(1e3<(r=parseInt(t.value,10))?r=1e3:~~r<200&&(r=200),s.height=r):\"link\"===t.message&&(r=new URL(s.getAttribute(\"src\")),n=new URL(t.value),c.test(n.protocol))&&n.host===r.host&&l.activeElement===s&&(d.top.location.href=t.value))}},d.addEventListener(\"message\",d.wp.receiveEmbedMessage,!1),l.addEventListener(\"DOMContentLoaded\",function(){for(var e,t,s=l.querySelectorAll(\"iframe.wp-embedded-content\"),r=0;r<s.length;r++)(t=(e=s[r]).getAttribute(\"data-secret\"))||(t=Math.random().toString(36).substring(2,12),e.src+=\"#?secret=\"+t,e.setAttribute(\"data-secret\",t)),e.contentWindow.postMessage({message:\"ready\",secret:t},\"*\")},!1)))}(window,document);\n\/\/# sourceURL=https:\/\/www.vrtulniky.sk\/news\/wp-includes\/js\/wp-embed.min.js\n\/* ]]> *\/\n<\/script>\n","thumbnail_url":"https:\/\/www.vrtulniky.sk\/news\/wp-content\/uploads\/2022\/08\/dennik-branca-noa.jpg","thumbnail_width":850,"thumbnail_height":850,"description":"Vznik a v\u00fdvoj platidiel na na\u0161om \u00fazem\u00ed, v\u00fdvoj pe\u0148a\u017en\u00edctva na Slovensku od natur\u00e1lnych v\u00fdmien, cez prv\u00e9 platidl\u00e1 a prv\u00e9 mince a\u017e po s\u00fa\u010dasn\u00fa formu pe\u0148az\u00ed."}